{"id":1174,"date":"2023-02-23T15:25:53","date_gmt":"2023-02-23T14:25:53","guid":{"rendered":"https:\/\/kultura.uni.lodz.pl\/?page_id=1174"},"modified":"2023-02-28T13:16:55","modified_gmt":"2023-02-28T12:16:55","slug":"dostepnosc","status":"publish","type":"page","link":"https:\/\/kultura.uni.lodz.pl\/index.php\/dostepnosc\/","title":{"rendered":"Dost\u0119pno\u015b\u0107"},"content":{"rendered":"\n<h1 class=\"wp-block-heading\">DEKLARACJA DOST\u0118PNO\u015aCI<\/h1>\n\n\n\n<p>Uniwersytet \u0141\u00f3dzki zobowi\u0105zuje si\u0119 zapewni\u0107 dost\u0119pno\u015b\u0107 swojej strony internetowej zgodnie z przepisami Ustawy z dnia 4 kwietnia 2019 r. o dost\u0119pno\u015bci cyfrowej stron internetowych i aplikacji mobilnych podmiot\u00f3w publicznych.<\/p>\n\n\n\n<h2 class=\"wp-block-heading\">O\u015bwiadczenie w sprawie dost\u0119pno\u015bci ma zastosowanie do strony internetowej www.kultura.uni.lodz.pl<\/h2>\n\n\n\n<ul class=\"wp-block-list\"><li>Data publikacji strony internetowej: &nbsp;&nbsp; 01.01.2020<\/li><li>Data ostatniej istotnej aktualizacji: &nbsp;&nbsp;&nbsp;&nbsp;&nbsp; 01.01.2020<\/li><\/ul>\n\n\n\n<h2 class=\"wp-block-heading\">Status pod wzgl\u0119dem zgodno\u015bci z ustaw\u0105<\/h2>\n\n\n\n<p>Strona internetowa jest <strong>cz\u0119\u015bciowo zgodna<\/strong> z Ustaw\u0105 z dnia 4 kwietnia 2019 r. o dost\u0119pno\u015bci cyfrowej stron internetowych i aplikacji mobilnych podmiot\u00f3w publicznych z powodu niezgodno\u015bci lub wy\u0142\u0105cze\u0144 wymienionych poni\u017cej.<\/p>\n\n\n\n<h3 class=\"wp-block-heading\"><a>Tre\u015bci niedost\u0119pne<\/a><\/h3>\n\n\n\n<p>Z uwagi na ograniczenia systemowe w serwisie oraz fakt, \u017ce niekt\u00f3re tre\u015bci pochodz\u0105 z r\u00f3\u017cnych \u017ar\u00f3de\u0142:<\/p>\n\n\n\n<ul class=\"wp-block-list\"><li>nie wszystkie grafiki zamieszczone w tle strony maj\u0105 teksty alternatywne,<\/li><li>zdarzaj\u0105 si\u0119 nieprawid\u0142owo\u015bci w uk\u0142adzie tabeli zagnie\u017cd\u017conej,<\/li><li>nie ma etykiety dla elementu wej\u015bciowego (kalendarium),<\/li><li>odno\u015bniki nie maj\u0105 alternatywnego wyr\u00f3\u017cnienia, poza wyr\u00f3\u017cnienia kolorem brakuje podkre\u015blenia i pogrubienia,<\/li><li>mog\u0105 pojawi\u0107 si\u0119 sytuacje niespe\u0142niania wymaganego poziomu kontrastu,<\/li><li>brakuje alternatywnej metody zlokalizowania strony lub informacji w serwisie,<\/li><li>mo\u017ce by\u0107 zaburzona kolejno\u015b\u0107 przej\u015b\u0107 fokusu w kalendarzu \u2013 informacje w kalendarzu czytane s\u0105 liniowo, a nie dniami,<\/li><li>fokus w niekt\u00f3rych elementach strony jest zbyt ma\u0142o widoczny, w \u201eZaloguj\u201d, \u201eKalendarium\u201d oraz przycisku wyboru kalendarza,<\/li><li>mo\u017cna natrafi\u0107 na b\u0142\u0119dy strukturalne w kodzie.<\/li><\/ul>\n\n\n\n<p>Redaktorzy strony dok\u0142adaj\u0105 wszelkich stara\u0144, aby tre\u015bci niedost\u0119pne cyfrowo, o ile jest to mo\u017cliwe, by\u0142y poprawiane i dost\u0119pne cyfrowo dla jak najszerszego grona odbiorc\u00f3w serwisu. <strong><\/strong><\/p>\n\n\n\n<h2 class=\"wp-block-heading\">Przygotowanie deklaracji dost\u0119pno\u015bci<\/h2>\n\n\n\n<ul class=\"wp-block-list\"><li>Deklaracj\u0119 sporz\u0105dzono dnia: 2022-07-22<\/li><\/ul>\n\n\n\n<p>Deklaracj\u0119 przygotowano na podstawie raportu z przeprowadzonego audytu dost\u0119pno\u015bci cyfrowej dokonanego w dniach 30.04-08.05.2022 przez NT Group Systemy Informatyczne Sp. z o.o.<\/p>\n\n\n\n<h2 class=\"wp-block-heading\">Skr\u00f3ty klawiaturowe<\/h2>\n\n\n\n<p>Na tej stronie internetowej mo\u017cna korzysta\u0107 ze standardowych skr\u00f3t\u00f3w klawiaturowych.<\/p>\n\n\n\n<h2 class=\"wp-block-heading\">Informacje zwrotne i dane kontaktowe<\/h2>\n\n\n\n<ul class=\"wp-block-list\"><li><a>Za rozpatrywanie uwag i wniosk\u00f3w odpowiada: Anna Felisiak.<\/a><\/li><li><a>E-mail:<\/a><a href=\"mailto:%20dostepnosc@uni.lodz.pl\"> dostepnosc@uni.lodz.pl<\/a><\/li><li>Telefon: 42 66 55 166<\/li><\/ul>\n\n\n\n<p>Ka\u017cdy ma prawo:<\/p>\n\n\n\n<ul class=\"wp-block-list\"><li>zg\u0142osi\u0107 uwagi dotycz\u0105ce dost\u0119pno\u015bci cyfrowej strony lub jej elementu,<\/li><li>zg\u0142osi\u0107 \u017c\u0105danie zapewnienia dost\u0119pno\u015bci cyfrowej strony lub jej elementu,<\/li><li>wnioskowa\u0107 o udost\u0119pnienie niedost\u0119pnej informacji w innej alternatywnej formie.<\/li><\/ul>\n\n\n\n<p>\u017b\u0105danie musi zawiera\u0107:<\/p>\n\n\n\n<ul class=\"wp-block-list\"><li>dane kontaktowe osoby zg\u0142aszaj\u0105cej,<\/li><li>wskazanie strony lub elementu strony, kt\u00f3rej dotyczy \u017c\u0105danie,<\/li><li>wskazanie dogodnej formy udost\u0119pnienia informacji, je\u015bli \u017c\u0105danie dotyczy udost\u0119pnienia w formie alternatywnej informacji niedost\u0119pnej.<\/li><\/ul>\n\n\n\n<p>Rozpatrzenie zg\u0142oszenia powinno nast\u0105pi\u0107 niezw\u0142ocznie, najp\u00f3\u017aniej w ci\u0105gu 7 dni. Je\u015bli w tym terminie zapewnienie dost\u0119pno\u015bci albo zapewnienie dost\u0119pu w alternatywnej formie nie jest mo\u017cliwe, powinno nast\u0105pi\u0107 najdalej w ci\u0105gu 2 miesi\u0119cy od daty zg\u0142oszenia.<\/p>\n\n\n\n<h2 class=\"wp-block-heading\">Skargi i odwo\u0142ania<\/h2>\n\n\n\n<p>W przypadku niedotrzymania termin\u00f3w lub odmowy realizacji \u017c\u0105dania zapewnienia dost\u0119pno\u015bci b\u0105d\u017a alternatywnego dost\u0119pu do informacji, mo\u017cna z\u0142o\u017cy\u0107 skarg\u0119 do organu nadzoruj\u0105cego poczt\u0105 tradycyjn\u0105 lub drog\u0105 elektroniczn\u0105:<\/p>\n\n\n\n<ul class=\"wp-block-list\"><li>Organ nadzoruj\u0105cy: Zast\u0119pca Kanclerza Uniwersytetu \u0141\u00f3dzkiego ds. Og\u00f3lnych<\/li><li>Adres: Uniwersytet \u0141\u00f3dzki<br>Kanclerz Uniwersytetu \u0141\u00f3dzkiego<br>ul. Narutowicza 68, 90-136 \u0141\u00f3d\u017a<\/li><li><a>E-mail: <\/a><a href=\"mailto:kanclerz_s@uni.lodz.pl\">kanclerz_s@uni.lodz.pl<\/a><\/li><li>Telefon: 42 635 40 20<\/li><\/ul>\n\n\n\n<p><a>Po wyczerpaniu wszystkich mo\u017cliwo\u015bci skarg\u0119 mo\u017cna przes\u0142a\u0107 tak\u017ce <\/a>do <a rel=\"noreferrer noopener\" href=\"https:\/\/bip.brpo.gov.pl\/content\/jak-zglosic-sie-do-rzecznika-praw-obywatelskich\" target=\"_blank\">Rzecznika Praw Obywatelskich <\/a>.<\/p>\n\n\n\n<h2 class=\"wp-block-heading\">Dost\u0119pno\u015b\u0107 architektoniczna<\/h2>\n\n\n\n<p>Szczeg\u00f3\u0142owe informacje dotycz\u0105ce dost\u0119pno\u015bci architektonicznej Uniwersytetu \u0141\u00f3dzkiego znajduje si\u0119 na stronie internetowej<a>: <\/a><a rel=\"noreferrer noopener\" href=\"http:\/\/www.uni.lodz.pl\/dostepnosc\" target=\"_blank\">Dost\u0119pno\u015b\u0107 U\u0141<\/a>.<\/p>\n","protected":false},"excerpt":{"rendered":"<p>DEKLARACJA DOST\u0118PNO\u015aCI Uniwersytet \u0141\u00f3dzki zobowi\u0105zuje si\u0119 zapewni\u0107 dost\u0119pno\u015b\u0107 swojej strony internetowej zgodnie z przepisami Ustawy z dnia 4 kwietnia 2019 r. o dost\u0119pno\u015bci cyfrowej stron internetowych i aplikacji mobilnych podmiot\u00f3w publicznych. O\u015bwiadczenie w sprawie dost\u0119pno\u015bci [&hellip;]<\/p>\n","protected":false},"author":736,"featured_media":0,"parent":0,"menu_order":0,"comment_status":"closed","ping_status":"closed","template":"","meta":{"footnotes":""},"class_list":["post-1174","page","type-page","status-publish","hentry"],"_links":{"self":[{"href":"https:\/\/kultura.uni.lodz.pl\/index.php\/wp-json\/wp\/v2\/pages\/1174","targetHints":{"allow":["GET"]}}],"collection":[{"href":"https:\/\/kultura.uni.lodz.pl\/index.php\/wp-json\/wp\/v2\/pages"}],"about":[{"href":"https:\/\/kultura.uni.lodz.pl\/index.php\/wp-json\/wp\/v2\/types\/page"}],"author":[{"embeddable":true,"href":"https:\/\/kultura.uni.lodz.pl\/index.php\/wp-json\/wp\/v2\/users\/736"}],"replies":[{"embeddable":true,"href":"https:\/\/kultura.uni.lodz.pl\/index.php\/wp-json\/wp\/v2\/comments?post=1174"}],"version-history":[{"count":4,"href":"https:\/\/kultura.uni.lodz.pl\/index.php\/wp-json\/wp\/v2\/pages\/1174\/revisions"}],"predecessor-version":[{"id":1200,"href":"https:\/\/kultura.uni.lodz.pl\/index.php\/wp-json\/wp\/v2\/pages\/1174\/revisions\/1200"}],"wp:attachment":[{"href":"https:\/\/kultura.uni.lodz.pl\/index.php\/wp-json\/wp\/v2\/media?parent=1174"}],"curies":[{"name":"wp","href":"https:\/\/api.w.org\/{rel}","templated":true}]}}